{"id":9904,"date":"2023-12-05T14:16:50","date_gmt":"2023-12-05T13:16:50","guid":{"rendered":"https:\/\/dev.test-wpo.pl\/?post_type=projekty-nib&#038;p=9904"},"modified":"2023-12-05T14:16:50","modified_gmt":"2023-12-05T13:16:50","slug":"wspolczesna-polszczyzna-slownik-neologizmow","status":"publish","type":"projekty-nib","link":"https:\/\/ijppan.pl\/en\/projekty-nib\/wspolczesna-polszczyzna-slownik-neologizmow\/","title":{"rendered":"WSP\u00d3\u0141CZESNA POLSZCZYZNA. S\u0141OWNIK NEOLOGIZM\u00d3W"},"content":{"rendered":"<p><strong>Kierownik projektu:<\/strong> prof. dr hab. Teresa Sm\u00f3\u0142kowa<\/p>\n<p><strong>Wykonawcy:<\/strong> prof. dr hab. Teresa Sm\u00f3\u0142kowa, dr Krystyna Holly, mgr Anna \u017b\u00f3\u0142tak, Nowakowska Beata<\/p>\n<p><strong>Numer projektu:<\/strong> N N104 178836<\/p>\n<p><strong>Data rozpocz\u0119cia:<\/strong> 25.06.2009<\/p>\n<p><strong>Data zako\u0144czenia:<\/strong> 24.06.2012<\/p>\n<p><strong>Jednostka finansuj\u0105ca:<\/strong> NCN<\/p>\n<h2>PODSUMOWANIE PROJEKTU<\/h2>\n<h3>Publikacja:<\/h3>\n<p>Sm\u00f3\u0142kowa Teresa, Holly Krystyna, Nowakowska Beata, \u017b\u00f3\u0142tak Anna, S\u0142owa, s\u0142owa\u2026 Czy je znacie?, Instytut J\u0119zyka Polskiego PAN, Krak\u00f3w 2013, 606 s..<\/p>\n<p>S\u0142ownik neologizm\u00f3w S\u0141OWA, s\u0142owa\u2026 Czy je znasz? jest w Polsce pierwszym leksykograficznym opracowaniem nowej warstwy leksykalnej obejmuj\u0105cym ok. 5600 artyku\u0142\u00f3w has\u0142owych. Znajduj\u0105 si\u0119 w nim wy\u0142\u0105cznie wyrazy ustabilizowane nale\u017c\u0105ce do r\u00f3\u017cnych warstw s\u0142ownictwa, wyekscerpowane z prasy niespecjalistycznej (g\u0142\u00f3wnie gazety codzienne, tygodniki). Za neologizmy redaktorki uzna\u0142y wyrazy, kt\u00f3re powi\u0119kszy\u0142y zas\u00f3b leksykalny polszczyzny w ostatnim dwudziestoleciu. Przyj\u0119cie takich granic wynika\u0142o z za\u0142o\u017cenia, \u017ce zmiany, jakie zasz\u0142y po 1898 r., znalaz\u0142y swoje odbicie w leksyce. Istotnym kryterium doboru hase\u0142 by\u0142a tak\u017ce cz\u0119stotliwo\u015b\u0107 ich wyst\u0119powania w naszej bazie danych i w Internecie. [\u2026] Znajduj\u0105cy si\u0119 w s\u0142owniku materia\u0142 wyrazowy mo\u017ce by\u0107 wszechstronnie wykorzystywany przez lingwist\u00f3w w zakresie j\u0119zykoznawstwa wewn\u0119trznego i zewn\u0119trznego. Materia\u0142 ten mo\u017ce by\u0107 wyzyskany tak\u017ce w badaniach interdyscyplinarnych przez historyk\u00f3w kultury materialnej, semiotyk\u00f3w, antropolog\u00f3w, psycholog\u00f3w spo\u0142ecznych. Jednak g\u0142\u00f3wnym walorem s\u0142ownika jest to, \u017ce ma on charakter s\u0142ownika skierowanego, ze wzgl\u0119du na spos\u00f3b opracowania materia\u0142u, do szerokiego kr\u0119gu odbiorc\u00f3w szukaj\u0105cych wyja\u015bnienia znacze\u0144 nowych wyraz\u00f3w, i dzi\u0119ki cytatom, niespecjalistycznych informacji o nowych klasach obiekt\u00f3w i nowych zjawiskach (za: Raport ko\u0144cowy z realizacji projektu badawczego w\u0142asnego).<\/p>\n","protected":false},"featured_media":0,"template":"","projekty":[24,23],"class_list":["post-9904","projekty-nib","type-projekty-nib","status-publish","hentry","projekty-projekty","projekty-projekty-zrealizowane"],"acf":[],"_links":{"self":[{"href":"https:\/\/ijppan.pl\/en\/wp-json\/wp\/v2\/projekty-nib\/9904","targetHints":{"allow":["GET"]}}],"collection":[{"href":"https:\/\/ijppan.pl\/en\/wp-json\/wp\/v2\/projekty-nib"}],"about":[{"href":"https:\/\/ijppan.pl\/en\/wp-json\/wp\/v2\/types\/projekty-nib"}],"wp:attachment":[{"href":"https:\/\/ijppan.pl\/en\/wp-json\/wp\/v2\/media?parent=9904"}],"wp:term":[{"taxonomy":"projekty","embeddable":true,"href":"https:\/\/ijppan.pl\/en\/wp-json\/wp\/v2\/projekty?post=9904"}],"curies":[{"name":"wp","href":"https:\/\/api.w.org\/{rel}","templated":true}]}}